{"id":2175,"date":"2026-02-08T18:16:54","date_gmt":"2026-02-08T18:16:54","guid":{"rendered":"https:\/\/xn--yogazentrum-nrnberg-ibc.de\/?page_id=2175"},"modified":"2026-04-29T10:00:09","modified_gmt":"2026-04-29T10:00:09","slug":"anja-kikky","status":"publish","type":"page","link":"https:\/\/xn--yogazentrum-nrnberg-ibc.de\/?page_id=2175","title":{"rendered":"Anja Killy"},"content":{"rendered":"\t\t<div data-elementor-type=\"wp-page\" data-elementor-id=\"2175\" class=\"elementor elementor-2175\">\n\t\t\t\t<div class=\"elementor-element elementor-element-2bb35453 e-flex e-con-boxed wpr-particle-no wpr-jarallax-no wpr-parallax-no wpr-sticky-section-no wpr-equal-height-no e-con e-parent\" data-id=\"2bb35453\" data-element_type=\"container\" data-e-type=\"container\">\n\t\t\t\t\t<div class=\"e-con-inner\">\n\t\t\t\t<div class=\"elementor-element elementor-element-48524a07 elementor-widget elementor-widget-heading\" data-id=\"48524a07\" data-element_type=\"widget\" data-e-type=\"widget\" data-widget_type=\"heading.default\">\n\t\t\t\t\t<h2 class=\"elementor-heading-title elementor-size-default\">Anja Killy<\/h2>\t\t\t\t<\/div>\n\t\t\t\t\t<\/div>\n\t\t\t\t<\/div>\n\t\t<div class=\"elementor-element elementor-element-339bae4f e-flex e-con-boxed wpr-particle-no wpr-jarallax-no wpr-parallax-no wpr-sticky-section-no wpr-equal-height-no e-con e-parent\" data-id=\"339bae4f\" data-element_type=\"container\" data-e-type=\"container\">\n\t\t\t\t\t<div class=\"e-con-inner\">\n\t\t<div class=\"elementor-element elementor-element-4cd96938 e-con-full e-flex wpr-particle-no wpr-jarallax-no wpr-parallax-no wpr-sticky-section-no wpr-equal-height-no e-con e-child\" data-id=\"4cd96938\" data-element_type=\"container\" data-e-type=\"container\">\n\t\t\t\t<div class=\"elementor-element elementor-element-65baf74f elementor-widget elementor-widget-image\" data-id=\"65baf74f\" data-element_type=\"widget\" data-e-type=\"widget\" data-widget_type=\"image.default\">\n\t\t\t\t\t\t\t\t\t\t\t\t\t\t\t<img fetchpriority=\"high\" decoding=\"async\" width=\"225\" height=\"300\" src=\"https:\/\/xn--yogazentrum-nrnberg-ibc.de\/wp-content\/uploads\/2026\/02\/Anja-Killy_-225x300.png\" class=\"attachment-medium size-medium wp-image-2177\" alt=\"\" srcset=\"https:\/\/xn--yogazentrum-nrnberg-ibc.de\/wp-content\/uploads\/2026\/02\/Anja-Killy_-225x300.png 225w, https:\/\/xn--yogazentrum-nrnberg-ibc.de\/wp-content\/uploads\/2026\/02\/Anja-Killy_-768x1024.png 768w, https:\/\/xn--yogazentrum-nrnberg-ibc.de\/wp-content\/uploads\/2026\/02\/Anja-Killy_-1152x1536.png 1152w, https:\/\/xn--yogazentrum-nrnberg-ibc.de\/wp-content\/uploads\/2026\/02\/Anja-Killy_-1536x2048.png 1536w, https:\/\/xn--yogazentrum-nrnberg-ibc.de\/wp-content\/uploads\/2026\/02\/Anja-Killy_-scaled.png 1920w\" sizes=\"(max-width: 225px) 100vw, 225px\" \/>\t\t\t\t\t\t\t\t\t\t\t\t\t\t\t<\/div>\n\t\t\t\t<\/div>\n\t\t<div class=\"elementor-element elementor-element-22380258 e-con-full e-flex wpr-particle-no wpr-jarallax-no wpr-parallax-no wpr-sticky-section-no wpr-equal-height-no e-con e-child\" data-id=\"22380258\" data-element_type=\"container\" data-e-type=\"container\">\n\t\t<div class=\"elementor-element elementor-element-53683482 e-con-full e-flex wpr-particle-no wpr-jarallax-no wpr-parallax-no wpr-sticky-section-no wpr-equal-height-no e-con e-child\" data-id=\"53683482\" data-element_type=\"container\" data-e-type=\"container\">\n\t\t\t\t<div class=\"elementor-element elementor-element-b30735 elementor-widget elementor-widget-heading\" data-id=\"b30735\" data-element_type=\"widget\" data-e-type=\"widget\" data-widget_type=\"heading.default\">\n\t\t\t\t\t<h2 class=\"elementor-heading-title elementor-size-default\">Yogalehrerin<\/h2>\t\t\t\t<\/div>\n\t\t\t\t<\/div>\n\t\t<div class=\"elementor-element elementor-element-768cb7b9 e-con-full e-flex wpr-particle-no wpr-jarallax-no wpr-parallax-no wpr-sticky-section-no wpr-equal-height-no e-con e-child\" data-id=\"768cb7b9\" data-element_type=\"container\" data-e-type=\"container\">\n\t\t\t\t<div class=\"elementor-element elementor-element-24aa50f8 elementor-widget elementor-widget-heading\" data-id=\"24aa50f8\" data-element_type=\"widget\" data-e-type=\"widget\" data-widget_type=\"heading.default\">\n\t\t\t\t\t<h2 class=\"elementor-heading-title elementor-size-default\">Ausbildung<\/h2>\t\t\t\t<\/div>\n\t\t\t\t<\/div>\n\t\t<div class=\"elementor-element elementor-element-63a687d2 e-con-full e-flex wpr-particle-no wpr-jarallax-no wpr-parallax-no wpr-sticky-section-no wpr-equal-height-no e-con e-child\" data-id=\"63a687d2\" data-element_type=\"container\" data-e-type=\"container\">\n\t\t\t\t<div class=\"elementor-element elementor-element-13bafff2 elementor-widget__width-initial elementor-widget elementor-widget-text-editor\" data-id=\"13bafff2\" data-element_type=\"widget\" data-e-type=\"widget\" data-widget_type=\"text-editor.default\">\n\t\t\t\t\t\t\t\t\t<ul><li>Rechtsanwaltsfachangestellte\/Industriekauffrau<\/li><li>Group Instructor diverse Fitness Kurse seit 2003<\/li><li>Yogapraxis seit 2003<\/li><li>Yogalehrerausbildung (2015\/2016) im Yogaworkshop Reinhold Griesch nach den Lehren des Klassischen Yoga \u201eThe Yoga Institute\u201c, Mumbai von Sri Yogendra und Dr. Jayadeva Yogendra<\/li><li>Jahrestraining Buddhistische Psychologie Eurasiamed (2022\/2023)<\/li><li>Meditationsausbildung (2024) Sadhana Yoga Institut, Martina Weickel<\/li><li>Fortw\u00e4hrendes Selbststudium und Praxis in Yoga, Meditation, Yogaphilosophie, Ayurveda und TCM\u00a0\u00a0\u00a0\u00a0\u00a0\u00a0\u00a0\u00a0\u00a0\u00a0\u00a0\u00a0<\/li><li>Seit 2024 in Ausbildung der Traditionellen Chinesischen Medizin an der SMS in M\u00fcnchen (Qi Gong, Di\u00e4tetik, Tuina)<\/li><li>2026 Beginn Heilpraktikerausbildung<\/li><\/ul>\t\t\t\t\t\t\t\t<\/div>\n\t\t\t\t<\/div>\n\t\t\t\t<\/div>\n\t\t\t\t\t<\/div>\n\t\t\t\t<\/div>\n\t\t<div class=\"elementor-element elementor-element-6669b531 e-flex e-con-boxed wpr-particle-no wpr-jarallax-no wpr-parallax-no wpr-sticky-section-no wpr-equal-height-no e-con e-parent\" data-id=\"6669b531\" data-element_type=\"container\" data-e-type=\"container\">\n\t\t\t\t\t<div class=\"e-con-inner\">\n\t\t<div class=\"elementor-element elementor-element-429de152 e-con-full e-flex wpr-particle-no wpr-jarallax-no wpr-parallax-no wpr-sticky-section-no wpr-equal-height-no e-con e-child\" data-id=\"429de152\" data-element_type=\"container\" data-e-type=\"container\">\n\t\t\t\t<div class=\"elementor-element elementor-element-6cdccad1 elementor-widget elementor-widget-image\" data-id=\"6cdccad1\" data-element_type=\"widget\" data-e-type=\"widget\" data-widget_type=\"image.default\">\n\t\t\t\t\t\t\t\t\t\t\t\t\t\t\t<img decoding=\"async\" width=\"1024\" height=\"684\" src=\"https:\/\/xn--yogazentrum-nrnberg-ibc.de\/wp-content\/uploads\/2025\/11\/Yoga-Zentrum-012-1024x684.png\" class=\"attachment-large size-large wp-image-2056\" alt=\"\" srcset=\"https:\/\/xn--yogazentrum-nrnberg-ibc.de\/wp-content\/uploads\/2025\/11\/Yoga-Zentrum-012-1024x684.png 1024w, https:\/\/xn--yogazentrum-nrnberg-ibc.de\/wp-content\/uploads\/2025\/11\/Yoga-Zentrum-012-300x200.png 300w, https:\/\/xn--yogazentrum-nrnberg-ibc.de\/wp-content\/uploads\/2025\/11\/Yoga-Zentrum-012-768x513.png 768w, https:\/\/xn--yogazentrum-nrnberg-ibc.de\/wp-content\/uploads\/2025\/11\/Yoga-Zentrum-012-1536x1026.png 1536w, https:\/\/xn--yogazentrum-nrnberg-ibc.de\/wp-content\/uploads\/2025\/11\/Yoga-Zentrum-012-2048x1368.png 2048w\" sizes=\"(max-width: 1024px) 100vw, 1024px\" \/>\t\t\t\t\t\t\t\t\t\t\t\t\t\t\t<\/div>\n\t\t\t\t<\/div>\n\t\t<div class=\"elementor-element elementor-element-37bf3b09 e-con-full e-flex wpr-particle-no wpr-jarallax-no wpr-parallax-no wpr-sticky-section-no wpr-equal-height-no e-con e-child\" data-id=\"37bf3b09\" data-element_type=\"container\" data-e-type=\"container\">\n\t\t<div class=\"elementor-element elementor-element-35fcae0f e-con-full e-flex wpr-particle-no wpr-jarallax-no wpr-parallax-no wpr-sticky-section-no wpr-equal-height-no e-con e-child\" data-id=\"35fcae0f\" data-element_type=\"container\" data-e-type=\"container\">\n\t\t\t\t<div class=\"elementor-element elementor-element-2f606be0 elementor-widget elementor-widget-heading\" data-id=\"2f606be0\" data-element_type=\"widget\" data-e-type=\"widget\" data-widget_type=\"heading.default\">\n\t\t\t\t\t<h2 class=\"elementor-heading-title elementor-size-default\">Yogauntericht<\/h2>\t\t\t\t<\/div>\n\t\t\t\t<\/div>\n\t\t<div class=\"elementor-element elementor-element-491138cf e-con-full e-flex wpr-particle-no wpr-jarallax-no wpr-parallax-no wpr-sticky-section-no wpr-equal-height-no e-con e-child\" data-id=\"491138cf\" data-element_type=\"container\" data-e-type=\"container\">\n\t\t\t\t<div class=\"elementor-element elementor-element-6ab9c122 elementor-widget elementor-widget-text-editor\" data-id=\"6ab9c122\" data-element_type=\"widget\" data-e-type=\"widget\" data-widget_type=\"text-editor.default\">\n\t\t\t\t\t\t\t\t\t<p>Gem\u00e4\u00df dem klassischen Yoga ist mein Ansatz, Yoga in den Alltag zu integrieren unter Ber\u00fccksichtigung der eigenen Konstitution und der individuellen M\u00f6glichkeiten. Die K\u00f6rper\u00fcbungen sind einfach, sanft, dynamisch oder statisch. Der achtgliedrige Pfad des Patanjali bietet hierf\u00fcr die Grundlage. Die vorrangig pr\u00e4ventiven \u00dcbungen st\u00e4rken den K\u00f6rper und Geist und f\u00f6rdern die Beweglichkeit und Konzentration. Meditation, Entspannung und Kriyas bilden das Fundament. Alles kann, nichts muss, neugierig im Anf\u00e4ngergeist bleiben und schauen wie sich Dinge entwickeln.<\/p>\t\t\t\t\t\t\t\t<\/div>\n\t\t\t\t<\/div>\n\t\t\t\t<\/div>\n\t\t\t\t\t<\/div>\n\t\t\t\t<\/div>\n\t\t\t\t<\/div>\n\t\t","protected":false},"excerpt":{"rendered":"<p>Anja Killy Yogalehrerin Ausbildung Rechtsanwaltsfachangestellte\/Industriekauffrau Group Instructor diverse Fitness Kurse seit 2003 Yogapraxis seit 2003 Yogalehrerausbildung (2015\/2016) im Yogaworkshop Reinhold Griesch nach den Lehren des Klassischen Yoga \u201eThe Yoga Institute\u201c, Mumbai von Sri Yogendra und Dr. Jayadeva Yogendra Jahrestraining Buddhistische Psychologie Eurasiamed (2022\/2023) Meditationsausbildung (2024) Sadhana Yoga Institut, Martina Weickel Fortw\u00e4hrendes Selbststudium und Praxis in Yoga, Meditation, Yogaphilosophie, Ayurveda und TCM\u00a0\u00a0\u00a0\u00a0\u00a0\u00a0\u00a0\u00a0\u00a0\u00a0\u00a0\u00a0 Seit 2024 in Ausbildung der Traditionellen Chinesischen Medizin an der SMS in M\u00fcnchen (Qi Gong, Di\u00e4tetik, Tuina) 2026 Beginn Heilpraktikerausbildung Yogauntericht Gem\u00e4\u00df dem klassischen Yoga ist mein Ansatz, Yoga in den Alltag zu integrieren unter Ber\u00fccksichtigung der eigenen Konstitution und der individuellen M\u00f6glichkeiten. Die K\u00f6rper\u00fcbungen sind einfach, sanft, dynamisch oder statisch. Der achtgliedrige Pfad des Patanjali bietet hierf\u00fcr die Grundlage. Die vorrangig pr\u00e4ventiven \u00dcbungen st\u00e4rken den K\u00f6rper und Geist und f\u00f6rdern die Beweglichkeit und Konzentration. Meditation, Entspannung und Kriyas bilden das Fundament. Alles kann, nichts muss, neugierig im Anf\u00e4ngergeist bleiben und schauen wie sich Dinge entwickeln.<\/p>\n","protected":false},"author":1,"featured_media":0,"parent":0,"menu_order":0,"comment_status":"closed","ping_status":"closed","template":"","meta":{"site-sidebar-layout":"no-sidebar","site-content-layout":"","ast-site-content-layout":"full-width-container","site-content-style":"default","site-sidebar-style":"default","ast-global-header-display":"","ast-banner-title-visibility":"","ast-main-header-display":"","ast-hfb-above-header-display":"","ast-hfb-below-header-display":"","ast-hfb-mobile-header-display":"","site-post-title":"disabled","ast-breadcrumbs-content":"","ast-featured-img":"disabled","footer-sml-layout":"","theme-transparent-header-meta":"","adv-header-id-meta":"","stick-header-meta":"","header-above-stick-meta":"","header-main-stick-meta":"","header-below-stick-meta":"","astra-migrate-meta-layouts":"default","ast-page-background-enabled":"default","ast-page-background-meta":{"desktop":{"background-color":"var(--ast-global-color-5)","background-image":"","background-repeat":"repeat","background-position":"center center","background-size":"auto","background-attachment":"scroll","background-type":"","background-media":"","overlay-type":"","overlay-color":"","overlay-opacity":"","overlay-gradient":""},"tablet":{"background-color":"","background-image":"","background-repeat":"repeat","background-position":"center center","background-size":"auto","background-attachment":"scroll","background-type":"","background-media":"","overlay-type":"","overlay-color":"","overlay-opacity":"","overlay-gradient":""},"mobile":{"background-color":"","background-image":"","background-repeat":"repeat","background-position":"center center","background-size":"auto","background-attachment":"scroll","background-type":"","background-media":"","overlay-type":"","overlay-color":"","overlay-opacity":"","overlay-gradient":""}},"ast-content-background-meta":{"desktop":{"background-color":"var(--ast-global-color-4)","background-image":"","background-repeat":"repeat","background-position":"center center","background-size":"auto","background-attachment":"scroll","background-type":"","background-media":"","overlay-type":"","overlay-color":"","overlay-opacity":"","overlay-gradient":""},"tablet":{"background-color":"var(--ast-global-color-4)","background-image":"","background-repeat":"repeat","background-position":"center center","background-size":"auto","background-attachment":"scroll","background-type":"","background-media":"","overlay-type":"","overlay-color":"","overlay-opacity":"","overlay-gradient":""},"mobile":{"background-color":"var(--ast-global-color-4)","background-image":"","background-repeat":"repeat","background-position":"center center","background-size":"auto","background-attachment":"scroll","background-type":"","background-media":"","overlay-type":"","overlay-color":"","overlay-opacity":"","overlay-gradient":""}},"footnotes":""},"class_list":["post-2175","page","type-page","status-publish","hentry"],"_links":{"self":[{"href":"https:\/\/xn--yogazentrum-nrnberg-ibc.de\/index.php?rest_route=\/wp\/v2\/pages\/2175","targetHints":{"allow":["GET"]}}],"collection":[{"href":"https:\/\/xn--yogazentrum-nrnberg-ibc.de\/index.php?rest_route=\/wp\/v2\/pages"}],"about":[{"href":"https:\/\/xn--yogazentrum-nrnberg-ibc.de\/index.php?rest_route=\/wp\/v2\/types\/page"}],"author":[{"embeddable":true,"href":"https:\/\/xn--yogazentrum-nrnberg-ibc.de\/index.php?rest_route=\/wp\/v2\/users\/1"}],"replies":[{"embeddable":true,"href":"https:\/\/xn--yogazentrum-nrnberg-ibc.de\/index.php?rest_route=%2Fwp%2Fv2%2Fcomments&post=2175"}],"version-history":[{"count":5,"href":"https:\/\/xn--yogazentrum-nrnberg-ibc.de\/index.php?rest_route=\/wp\/v2\/pages\/2175\/revisions"}],"predecessor-version":[{"id":2267,"href":"https:\/\/xn--yogazentrum-nrnberg-ibc.de\/index.php?rest_route=\/wp\/v2\/pages\/2175\/revisions\/2267"}],"wp:attachment":[{"href":"https:\/\/xn--yogazentrum-nrnberg-ibc.de\/index.php?rest_route=%2Fwp%2Fv2%2Fmedia&parent=2175"}],"curies":[{"name":"wp","href":"https:\/\/api.w.org\/{rel}","templated":true}]}}