{"id":1084,"date":"2020-12-11T17:13:26","date_gmt":"2020-12-11T17:13:26","guid":{"rendered":"http:\/\/xn--yogazentrum-nrnberg-ibc.de\/?page_id=1084"},"modified":"2020-12-16T17:32:34","modified_gmt":"2020-12-16T17:32:34","slug":"werner-krauss","status":"publish","type":"page","link":"http:\/\/xn--yogazentrum-nrnberg-ibc.de\/?page_id=1084","title":{"rendered":"Werner Krau\u00df"},"content":{"rendered":"\n<figure class=\"wp-block-image size-large is-resized\"><img decoding=\"async\" src=\"http:\/\/xn--yogazentrum-nrnberg-ibc.de\/wp-content\/uploads\/2020\/12\/Werner-Krauss-3-765x1024.jpg\" alt=\"\" class=\"wp-image-1085\" width=\"138\" height=\"184\" srcset=\"http:\/\/xn--yogazentrum-nrnberg-ibc.de\/wp-content\/uploads\/2020\/12\/Werner-Krauss-3-765x1024.jpg 765w, http:\/\/xn--yogazentrum-nrnberg-ibc.de\/wp-content\/uploads\/2020\/12\/Werner-Krauss-3-224x300.jpg 224w, http:\/\/xn--yogazentrum-nrnberg-ibc.de\/wp-content\/uploads\/2020\/12\/Werner-Krauss-3-768x1029.jpg 768w, http:\/\/xn--yogazentrum-nrnberg-ibc.de\/wp-content\/uploads\/2020\/12\/Werner-Krauss-3-1147x1536.jpg 1147w, http:\/\/xn--yogazentrum-nrnberg-ibc.de\/wp-content\/uploads\/2020\/12\/Werner-Krauss-3-1529x2048.jpg 1529w, http:\/\/xn--yogazentrum-nrnberg-ibc.de\/wp-content\/uploads\/2020\/12\/Werner-Krauss-3-scaled.jpg 1911w\" sizes=\"(max-width: 138px) 100vw, 138px\" \/><\/figure>\n\n\n\n<p>Pers\u00f6nliches:&nbsp;geboren im Jahr 1963<\/p>\n\n\n\n<p><br><strong>Beruf\/Ausbildung:<\/strong><\/p>\n\n\n\n<p>&#8211; Apotheker<\/p>\n\n\n\n<p>&#8211; Yogalehrer BDY\/EYU<\/p>\n\n\n\n<p>&#8211; \u00e4rztlich gepr\u00fcfter Fastenleiter, dfa<\/p>\n\n\n\n<p><br><strong>Yogaunterricht:<\/strong> <\/p>\n\n\n\n<p>Gerade in einer Zeit, die gepr\u00e4gt ist von Schnelligkeit und \u00e4u\u00dferen Kr\u00e4ften, ist es wichtig, bei sich selbst und den ureigensten inneren Ressourcen anzukommen.<br>So f\u00fchrt uns unser eigener Atem, Ausdruck unserer Lebenskraft, in Verbindung mit angepassten Yoga-\u00dcbungen zur\u00fcck zu unserer Mitte, aus der wir neue Kraft f\u00fcr unseren Alltag sch\u00f6pfen.<\/p>\n\n\n\n<p>Bei meinem Yogaunterricht in der Tradition von Sri T. Krishnamacharya und T. K. V. Desikachar geht es darum, sich, den Atem und den eigenen K\u00f6rper immer wieder neu zu entdecken, zu experimentieren und sich auszuprobieren. Flexibilit\u00e4t im Geist und im K\u00f6rper sind in einer Zeit gepr\u00e4gt von stetem Wandel und Bewegung wichtiger denn je. Nur in der Achtsamkeit f\u00fcr den gegenw\u00e4rtigen Augenblick kommen wir bei uns selber an und erlangen innere Freiheit und Gl\u00fcck. Die \u00dcbungsweise ist sowohl f\u00fcr Anf\u00e4nger\/Innen als auch f\u00fcr Fortgeschrittene geeignet.  <\/p>\n\n\n\n<p>Neben regelm\u00e4\u00dfigem Yogaunterricht biete ich immer wieder Yoga-Fastenkurse ambulant oder als Ferienkurse an. Eine wunderbare Erg\u00e4nzung, um altes loszulassen und immer wieder neu zu werden.<br> Meine Yogakurse sind von allen gesetzlichen Krankenkassen als Pr\u00e4vention anerkannt.<\/p>\n","protected":false},"excerpt":{"rendered":"<p>Pers\u00f6nliches:&nbsp;geboren im Jahr 1963 Beruf\/Ausbildung: &#8211; Apotheker &#8211; Yogalehrer BDY\/EYU &#8211; \u00e4rztlich gepr\u00fcfter Fastenleiter, dfa Yogaunterricht: Gerade in einer Zeit, die gepr\u00e4gt ist von Schnelligkeit und \u00e4u\u00dferen Kr\u00e4ften, ist es wichtig, bei sich selbst und den ureigensten inneren Ressourcen anzukommen.So f\u00fchrt uns unser eigener Atem, Ausdruck unserer Lebenskraft, in Verbindung mit angepassten Yoga-\u00dcbungen zur\u00fcck zu unserer Mitte, aus der wir neue Kraft f\u00fcr unseren Alltag sch\u00f6pfen. Bei meinem Yogaunterricht in der Tradition von Sri T. Krishnamacharya und T. K. V. Desikachar geht es darum, sich, den Atem und den eigenen K\u00f6rper immer wieder neu zu entdecken, zu experimentieren und sich auszuprobieren. Flexibilit\u00e4t im Geist und im K\u00f6rper sind in einer Zeit gepr\u00e4gt von stetem Wandel und Bewegung wichtiger denn je. Nur in der Achtsamkeit f\u00fcr den gegenw\u00e4rtigen Augenblick kommen wir bei uns selber an und erlangen innere Freiheit und Gl\u00fcck. Die \u00dcbungsweise ist sowohl f\u00fcr Anf\u00e4nger\/Innen als auch f\u00fcr Fortgeschrittene geeignet. Neben regelm\u00e4\u00dfigem Yogaunterricht biete ich immer wieder Yoga-Fastenkurse ambulant oder als Ferienkurse an. Eine wunderbare Erg\u00e4nzung, um altes loszulassen und immer wieder neu zu werden. Meine Yogakurse sind von allen gesetzlichen Krankenkassen als Pr\u00e4vention anerkannt.<\/p>\n","protected":false},"author":1,"featured_media":0,"parent":195,"menu_order":0,"comment_status":"closed","ping_status":"closed","template":"","meta":{"site-sidebar-layout":"default","site-content-layout":"","ast-site-content-layout":"default","site-content-style":"default","site-sidebar-style":"default","ast-global-header-display":"","ast-banner-title-visibility":"","ast-main-header-display":"","ast-hfb-above-header-display":"","ast-hfb-below-header-display":"","ast-hfb-mobile-header-display":"","site-post-title":"","ast-breadcrumbs-content":"","ast-featured-img":"","footer-sml-layout":"","theme-transparent-header-meta":"","adv-header-id-meta":"","stick-header-meta":"","header-above-stick-meta":"","header-main-stick-meta":"","header-below-stick-meta":"","astra-migrate-meta-layouts":"default","ast-page-background-enabled":"default","ast-page-background-meta":{"desktop":{"background-color":"var(--ast-global-color-5)","background-image":"","background-repeat":"repeat","background-position":"center center","background-size":"auto","background-attachment":"scroll","background-type":"","background-media":"","overlay-type":"","overlay-color":"","overlay-opacity":"","overlay-gradient":""},"tablet":{"background-color":"","background-image":"","background-repeat":"repeat","background-position":"center center","background-size":"auto","background-attachment":"scroll","background-type":"","background-media":"","overlay-type":"","overlay-color":"","overlay-opacity":"","overlay-gradient":""},"mobile":{"background-color":"","background-image":"","background-repeat":"repeat","background-position":"center center","background-size":"auto","background-attachment":"scroll","background-type":"","background-media":"","overlay-type":"","overlay-color":"","overlay-opacity":"","overlay-gradient":""}},"ast-content-background-meta":{"desktop":{"background-color":"var(--ast-global-color-4)","background-image":"","background-repeat":"repeat","background-position":"center center","background-size":"auto","background-attachment":"scroll","background-type":"","background-media":"","overlay-type":"","overlay-color":"","overlay-opacity":"","overlay-gradient":""},"tablet":{"background-color":"var(--ast-global-color-4)","background-image":"","background-repeat":"repeat","background-position":"center center","background-size":"auto","background-attachment":"scroll","background-type":"","background-media":"","overlay-type":"","overlay-color":"","overlay-opacity":"","overlay-gradient":""},"mobile":{"background-color":"var(--ast-global-color-4)","background-image":"","background-repeat":"repeat","background-position":"center center","background-size":"auto","background-attachment":"scroll","background-type":"","background-media":"","overlay-type":"","overlay-color":"","overlay-opacity":"","overlay-gradient":""}},"footnotes":""},"class_list":["post-1084","page","type-page","status-publish","hentry"],"_links":{"self":[{"href":"http:\/\/xn--yogazentrum-nrnberg-ibc.de\/index.php?rest_route=\/wp\/v2\/pages\/1084","targetHints":{"allow":["GET"]}}],"collection":[{"href":"http:\/\/xn--yogazentrum-nrnberg-ibc.de\/index.php?rest_route=\/wp\/v2\/pages"}],"about":[{"href":"http:\/\/xn--yogazentrum-nrnberg-ibc.de\/index.php?rest_route=\/wp\/v2\/types\/page"}],"author":[{"embeddable":true,"href":"http:\/\/xn--yogazentrum-nrnberg-ibc.de\/index.php?rest_route=\/wp\/v2\/users\/1"}],"replies":[{"embeddable":true,"href":"http:\/\/xn--yogazentrum-nrnberg-ibc.de\/index.php?rest_route=%2Fwp%2Fv2%2Fcomments&post=1084"}],"version-history":[{"count":3,"href":"http:\/\/xn--yogazentrum-nrnberg-ibc.de\/index.php?rest_route=\/wp\/v2\/pages\/1084\/revisions"}],"predecessor-version":[{"id":1110,"href":"http:\/\/xn--yogazentrum-nrnberg-ibc.de\/index.php?rest_route=\/wp\/v2\/pages\/1084\/revisions\/1110"}],"up":[{"embeddable":true,"href":"http:\/\/xn--yogazentrum-nrnberg-ibc.de\/index.php?rest_route=\/wp\/v2\/pages\/195"}],"wp:attachment":[{"href":"http:\/\/xn--yogazentrum-nrnberg-ibc.de\/index.php?rest_route=%2Fwp%2Fv2%2Fmedia&parent=1084"}],"curies":[{"name":"wp","href":"https:\/\/api.w.org\/{rel}","templated":true}]}}