{"id":1015,"date":"2020-10-26T11:22:38","date_gmt":"2020-10-26T11:22:38","guid":{"rendered":"http:\/\/xn--yogazentrum-nrnberg-ibc.de\/?page_id=1015"},"modified":"2026-02-27T16:51:28","modified_gmt":"2026-02-27T16:51:28","slug":"claudia-wojtenek","status":"publish","type":"page","link":"http:\/\/xn--yogazentrum-nrnberg-ibc.de\/?page_id=1015","title":{"rendered":"Claudia Wojtenek"},"content":{"rendered":"\t\t<div data-elementor-type=\"wp-page\" data-elementor-id=\"1015\" class=\"elementor elementor-1015\">\n\t\t\t\t<div class=\"elementor-element elementor-element-479b1ac9 e-flex e-con-boxed wpr-particle-no wpr-jarallax-no wpr-parallax-no wpr-sticky-section-no wpr-equal-height-no e-con e-parent\" data-id=\"479b1ac9\" data-element_type=\"container\" data-e-type=\"container\">\n\t\t\t\t\t<div class=\"e-con-inner\">\n\t\t\t\t<div class=\"elementor-element elementor-element-3e7b8230 elementor-widget elementor-widget-heading\" data-id=\"3e7b8230\" data-element_type=\"widget\" data-e-type=\"widget\" data-widget_type=\"heading.default\">\n\t\t\t\t\t<h2 class=\"elementor-heading-title elementor-size-default\">Claudia Wojtenek<\/h2>\t\t\t\t<\/div>\n\t\t\t\t\t<\/div>\n\t\t\t\t<\/div>\n\t\t<div class=\"elementor-element elementor-element-5e54c53a e-flex e-con-boxed wpr-particle-no wpr-jarallax-no wpr-parallax-no wpr-sticky-section-no wpr-equal-height-no e-con e-parent\" data-id=\"5e54c53a\" data-element_type=\"container\" data-e-type=\"container\">\n\t\t\t\t\t<div class=\"e-con-inner\">\n\t\t<div class=\"elementor-element elementor-element-17f3e5c3 e-con-full e-flex wpr-particle-no wpr-jarallax-no wpr-parallax-no wpr-sticky-section-no wpr-equal-height-no e-con e-child\" data-id=\"17f3e5c3\" data-element_type=\"container\" data-e-type=\"container\">\n\t\t\t\t<div class=\"elementor-element elementor-element-2fbbfe58 elementor-widget elementor-widget-image\" data-id=\"2fbbfe58\" data-element_type=\"widget\" data-e-type=\"widget\" data-widget_type=\"image.default\">\n\t\t\t\t\t\t\t\t\t\t\t\t\t\t\t<img fetchpriority=\"high\" decoding=\"async\" width=\"768\" height=\"1024\" src=\"http:\/\/xn--yogazentrum-nrnberg-ibc.de\/wp-content\/uploads\/2025\/10\/Yoga-Zentrum-120-768x1024.jpg\" class=\"attachment-large size-large wp-image-1951\" alt=\"\" srcset=\"http:\/\/xn--yogazentrum-nrnberg-ibc.de\/wp-content\/uploads\/2025\/10\/Yoga-Zentrum-120-768x1024.jpg 768w, http:\/\/xn--yogazentrum-nrnberg-ibc.de\/wp-content\/uploads\/2025\/10\/Yoga-Zentrum-120-225x300.jpg 225w, http:\/\/xn--yogazentrum-nrnberg-ibc.de\/wp-content\/uploads\/2025\/10\/Yoga-Zentrum-120-1152x1536.jpg 1152w, http:\/\/xn--yogazentrum-nrnberg-ibc.de\/wp-content\/uploads\/2025\/10\/Yoga-Zentrum-120-1536x2048.jpg 1536w, http:\/\/xn--yogazentrum-nrnberg-ibc.de\/wp-content\/uploads\/2025\/10\/Yoga-Zentrum-120-scaled.jpg 1920w\" sizes=\"(max-width: 768px) 100vw, 768px\" \/>\t\t\t\t\t\t\t\t\t\t\t\t\t\t\t<\/div>\n\t\t\t\t<\/div>\n\t\t<div class=\"elementor-element elementor-element-160a361b e-con-full e-flex wpr-particle-no wpr-jarallax-no wpr-parallax-no wpr-sticky-section-no wpr-equal-height-no e-con e-child\" data-id=\"160a361b\" data-element_type=\"container\" data-e-type=\"container\">\n\t\t<div class=\"elementor-element elementor-element-593aaa7b e-con-full e-flex wpr-particle-no wpr-jarallax-no wpr-parallax-no wpr-sticky-section-no wpr-equal-height-no e-con e-child\" data-id=\"593aaa7b\" data-element_type=\"container\" data-e-type=\"container\">\n\t\t\t\t<div class=\"elementor-element elementor-element-554a19ab elementor-widget elementor-widget-heading\" data-id=\"554a19ab\" data-element_type=\"widget\" data-e-type=\"widget\" data-widget_type=\"heading.default\">\n\t\t\t\t\t<h2 class=\"elementor-heading-title elementor-size-default\">Vijana-Yogalehrerin<\/h2>\t\t\t\t<\/div>\n\t\t\t\t<\/div>\n\t\t<div class=\"elementor-element elementor-element-4fca8e07 e-con-full e-flex wpr-particle-no wpr-jarallax-no wpr-parallax-no wpr-sticky-section-no wpr-equal-height-no e-con e-child\" data-id=\"4fca8e07\" data-element_type=\"container\" data-e-type=\"container\">\n\t\t\t\t<div class=\"elementor-element elementor-element-5eab4f12 elementor-widget elementor-widget-heading\" data-id=\"5eab4f12\" data-element_type=\"widget\" data-e-type=\"widget\" data-widget_type=\"heading.default\">\n\t\t\t\t\t<h2 class=\"elementor-heading-title elementor-size-default\">\u00dcber mich<\/h2>\t\t\t\t<\/div>\n\t\t\t\t<\/div>\n\t\t<div class=\"elementor-element elementor-element-60683e48 e-con-full e-flex wpr-particle-no wpr-jarallax-no wpr-parallax-no wpr-sticky-section-no wpr-equal-height-no e-con e-child\" data-id=\"60683e48\" data-element_type=\"container\" data-e-type=\"container\">\n\t\t\t\t<div class=\"elementor-element elementor-element-3fa7f34f elementor-widget elementor-widget-text-editor\" data-id=\"3fa7f34f\" data-element_type=\"widget\" data-e-type=\"widget\" data-widget_type=\"text-editor.default\">\n\t\t\t\t\t\t\t\t\t<ul>\n<li>Jahrgang 1971<\/li>\n<li>verheiratet, 2 S\u00f6hne<\/li>\n<\/ul>\t\t\t\t\t\t\t\t<\/div>\n\t\t\t\t<\/div>\n\t\t\t\t<\/div>\n\t\t\t\t\t<\/div>\n\t\t\t\t<\/div>\n\t\t<div class=\"elementor-element elementor-element-5a39cccf e-flex e-con-boxed wpr-particle-no wpr-jarallax-no wpr-parallax-no wpr-sticky-section-no wpr-equal-height-no e-con e-parent\" data-id=\"5a39cccf\" data-element_type=\"container\" data-e-type=\"container\">\n\t\t\t\t\t<div class=\"e-con-inner\">\n\t\t<div class=\"elementor-element elementor-element-791b987f e-con-full e-flex wpr-particle-no wpr-jarallax-no wpr-parallax-no wpr-sticky-section-no wpr-equal-height-no e-con e-child\" data-id=\"791b987f\" data-element_type=\"container\" data-e-type=\"container\">\n\t\t\t\t<div class=\"elementor-element elementor-element-556508f1 elementor-widget elementor-widget-image\" data-id=\"556508f1\" data-element_type=\"widget\" data-e-type=\"widget\" data-widget_type=\"image.default\">\n\t\t\t\t\t\t\t\t\t\t\t\t\t\t\t<img decoding=\"async\" width=\"1024\" height=\"683\" src=\"http:\/\/xn--yogazentrum-nrnberg-ibc.de\/wp-content\/uploads\/2026\/02\/Yoga-Zentrum-064-1024x683.jpg\" class=\"attachment-large size-large wp-image-2237\" alt=\"\" srcset=\"http:\/\/xn--yogazentrum-nrnberg-ibc.de\/wp-content\/uploads\/2026\/02\/Yoga-Zentrum-064-1024x683.jpg 1024w, http:\/\/xn--yogazentrum-nrnberg-ibc.de\/wp-content\/uploads\/2026\/02\/Yoga-Zentrum-064-300x200.jpg 300w, http:\/\/xn--yogazentrum-nrnberg-ibc.de\/wp-content\/uploads\/2026\/02\/Yoga-Zentrum-064-768x513.jpg 768w, http:\/\/xn--yogazentrum-nrnberg-ibc.de\/wp-content\/uploads\/2026\/02\/Yoga-Zentrum-064-1536x1025.jpg 1536w, http:\/\/xn--yogazentrum-nrnberg-ibc.de\/wp-content\/uploads\/2026\/02\/Yoga-Zentrum-064-2048x1367.jpg 2048w\" sizes=\"(max-width: 1024px) 100vw, 1024px\" \/>\t\t\t\t\t\t\t\t\t\t\t\t\t\t\t<\/div>\n\t\t\t\t<\/div>\n\t\t<div class=\"elementor-element elementor-element-7e38f61 e-con-full e-flex wpr-particle-no wpr-jarallax-no wpr-parallax-no wpr-sticky-section-no wpr-equal-height-no e-con e-child\" data-id=\"7e38f61\" data-element_type=\"container\" data-e-type=\"container\">\n\t\t<div class=\"elementor-element elementor-element-4d0b26a5 e-con-full e-flex wpr-particle-no wpr-jarallax-no wpr-parallax-no wpr-sticky-section-no wpr-equal-height-no e-con e-child\" data-id=\"4d0b26a5\" data-element_type=\"container\" data-e-type=\"container\">\n\t\t\t\t<div class=\"elementor-element elementor-element-2df545df elementor-widget elementor-widget-heading\" data-id=\"2df545df\" data-element_type=\"widget\" data-e-type=\"widget\" data-widget_type=\"heading.default\">\n\t\t\t\t\t<h2 class=\"elementor-heading-title elementor-size-default\">Ausbildung<\/h2>\t\t\t\t<\/div>\n\t\t\t\t<\/div>\n\t\t<div class=\"elementor-element elementor-element-2b11502a e-con-full e-flex wpr-particle-no wpr-jarallax-no wpr-parallax-no wpr-sticky-section-no wpr-equal-height-no e-con e-child\" data-id=\"2b11502a\" data-element_type=\"container\" data-e-type=\"container\">\n\t\t\t\t<div class=\"elementor-element elementor-element-4caacda3 elementor-widget elementor-widget-text-editor\" data-id=\"4caacda3\" data-element_type=\"widget\" data-e-type=\"widget\" data-widget_type=\"text-editor.default\">\n\t\t\t\t\t\t\t\t\t<ul>\n<li>Verschiedene Ausbildungen und Berufe, u. a. Architektin<\/li>\n<li>Yogapraxis seit 2002<\/li>\n<li>Yogaausbildung bei Eva Obernd\u00f6fer, Eve Krenz und Ute Kaiser zur<\/li>\n<li>Vijnana-Yogalehrerin<\/li>\n<\/ul>\t\t\t\t\t\t\t\t<\/div>\n\t\t\t\t<\/div>\n\t\t\t\t<\/div>\n\t\t\t\t\t<\/div>\n\t\t\t\t<\/div>\n\t\t<div class=\"elementor-element elementor-element-445319c6 e-flex e-con-boxed wpr-particle-no wpr-jarallax-no wpr-parallax-no wpr-sticky-section-no wpr-equal-height-no e-con e-parent\" data-id=\"445319c6\" data-element_type=\"container\" data-e-type=\"container\">\n\t\t\t\t\t<div class=\"e-con-inner\">\n\t\t<div class=\"elementor-element elementor-element-6f2aca75 e-con-full e-flex wpr-particle-no wpr-jarallax-no wpr-parallax-no wpr-sticky-section-no wpr-equal-height-no e-con e-child\" data-id=\"6f2aca75\" data-element_type=\"container\" data-e-type=\"container\">\n\t\t\t\t<div class=\"elementor-element elementor-element-4c35a9dd elementor-widget elementor-widget-image\" data-id=\"4c35a9dd\" data-element_type=\"widget\" data-e-type=\"widget\" data-widget_type=\"image.default\">\n\t\t\t\t\t\t\t\t\t\t\t\t\t\t\t<img decoding=\"async\" width=\"1024\" height=\"683\" src=\"http:\/\/xn--yogazentrum-nrnberg-ibc.de\/wp-content\/uploads\/2026\/02\/Yoga-Zentrum-051-1024x683.jpg\" class=\"attachment-large size-large wp-image-2236\" alt=\"\" srcset=\"http:\/\/xn--yogazentrum-nrnberg-ibc.de\/wp-content\/uploads\/2026\/02\/Yoga-Zentrum-051-1024x683.jpg 1024w, http:\/\/xn--yogazentrum-nrnberg-ibc.de\/wp-content\/uploads\/2026\/02\/Yoga-Zentrum-051-300x200.jpg 300w, http:\/\/xn--yogazentrum-nrnberg-ibc.de\/wp-content\/uploads\/2026\/02\/Yoga-Zentrum-051-768x513.jpg 768w, http:\/\/xn--yogazentrum-nrnberg-ibc.de\/wp-content\/uploads\/2026\/02\/Yoga-Zentrum-051-1536x1025.jpg 1536w, http:\/\/xn--yogazentrum-nrnberg-ibc.de\/wp-content\/uploads\/2026\/02\/Yoga-Zentrum-051-2048x1367.jpg 2048w\" sizes=\"(max-width: 1024px) 100vw, 1024px\" \/>\t\t\t\t\t\t\t\t\t\t\t\t\t\t\t<\/div>\n\t\t\t\t<div class=\"elementor-element elementor-element-703c6ad elementor-widget elementor-widget-image\" data-id=\"703c6ad\" data-element_type=\"widget\" data-e-type=\"widget\" data-widget_type=\"image.default\">\n\t\t\t\t\t\t\t\t\t\t\t\t\t\t\t<img loading=\"lazy\" decoding=\"async\" width=\"1024\" height=\"683\" src=\"http:\/\/xn--yogazentrum-nrnberg-ibc.de\/wp-content\/uploads\/2026\/02\/Yoga-Zentrum-104-1024x683.jpg\" class=\"attachment-large size-large wp-image-2238\" alt=\"\" srcset=\"http:\/\/xn--yogazentrum-nrnberg-ibc.de\/wp-content\/uploads\/2026\/02\/Yoga-Zentrum-104-1024x683.jpg 1024w, http:\/\/xn--yogazentrum-nrnberg-ibc.de\/wp-content\/uploads\/2026\/02\/Yoga-Zentrum-104-300x200.jpg 300w, http:\/\/xn--yogazentrum-nrnberg-ibc.de\/wp-content\/uploads\/2026\/02\/Yoga-Zentrum-104-768x513.jpg 768w, http:\/\/xn--yogazentrum-nrnberg-ibc.de\/wp-content\/uploads\/2026\/02\/Yoga-Zentrum-104-1536x1025.jpg 1536w, http:\/\/xn--yogazentrum-nrnberg-ibc.de\/wp-content\/uploads\/2026\/02\/Yoga-Zentrum-104-2048x1367.jpg 2048w\" sizes=\"(max-width: 1024px) 100vw, 1024px\" \/>\t\t\t\t\t\t\t\t\t\t\t\t\t\t\t<\/div>\n\t\t\t\t<\/div>\n\t\t<div class=\"elementor-element elementor-element-1138f914 e-con-full e-flex wpr-particle-no wpr-jarallax-no wpr-parallax-no wpr-sticky-section-no wpr-equal-height-no e-con e-child\" data-id=\"1138f914\" data-element_type=\"container\" data-e-type=\"container\">\n\t\t<div class=\"elementor-element elementor-element-2617afe8 e-con-full e-flex wpr-particle-no wpr-jarallax-no wpr-parallax-no wpr-sticky-section-no wpr-equal-height-no e-con e-child\" data-id=\"2617afe8\" data-element_type=\"container\" data-e-type=\"container\">\n\t\t\t\t<div class=\"elementor-element elementor-element-49b272f3 elementor-widget elementor-widget-heading\" data-id=\"49b272f3\" data-element_type=\"widget\" data-e-type=\"widget\" data-widget_type=\"heading.default\">\n\t\t\t\t\t<h2 class=\"elementor-heading-title elementor-size-default\">Yogaunterricht<\/h2>\t\t\t\t<\/div>\n\t\t\t\t<\/div>\n\t\t<div class=\"elementor-element elementor-element-2f93b906 e-con-full e-flex wpr-particle-no wpr-jarallax-no wpr-parallax-no wpr-sticky-section-no wpr-equal-height-no e-con e-child\" data-id=\"2f93b906\" data-element_type=\"container\" data-e-type=\"container\">\n\t\t\t\t<div class=\"elementor-element elementor-element-60e4d434 elementor-widget elementor-widget-text-editor\" data-id=\"60e4d434\" data-element_type=\"widget\" data-e-type=\"widget\" data-widget_type=\"text-editor.default\">\n\t\t\t\t\t\t\t\t\t<div id=\"content\" class=\"site-content\">\n<div class=\"ast-container\">\n<div id=\"primary\" class=\"content-area primary\"><main id=\"main\" class=\"site-main\">\n<article id=\"post-1015\" class=\"post-1015 page type-page status-publish ast-article-single\">\n<div class=\"entry-content clear\" data-ast-blocks-layout=\"true\">\n<p>F\u00fcr mich ist Yoga ein Konzept, um K\u00f6rper, Geist und Seele in eine harmonische Schwingung zu bringen.<\/p>\n<p>Nach meiner MS-Diagnose vor rund 20 Jahren habe ich damit begonnen, Yoga zu praktizieren. Seitdem ist Yoga mein st\u00e4ndiger Begleiter und Helfer im Umgang mit der Krankheit \u2013 k\u00f6rperlich und mental. Irgendwann entstand der Wunsch, meiner Praxis mehr Raum zu geben und meine positiven Erfahrungen weiterzugeben.<\/p>\n<p>Ich lade jeden Menschen ein, sich seinen Freiraum an einem Ort der Ruhe zu schaffen, um die vielf\u00e4ltigen Anstrengungen und Herausforderungen des Alltags leichter zu meistern.<\/p>\n<p>Wir beginnen die Stunde mit stillem Sitzen, damit K\u00f6rper und Geist zur Ruhe kommen k\u00f6nnen. Pranayama-\u00dcbungen bereiten uns auf die k\u00f6rperlichen Haltungen vor.<\/p>\n<p>Im Anschluss \u00fcben wir verschiedene Asanas, sowohl statisch als auch dynamisch. Dabei kommen bei Bedarf Hilfsmittel zum Einsatz (z. B. Bl\u00f6cke, Gurt), um jedem Menschen das Ein\u00fcben manchmal auch schwieriger Haltungen zu erm\u00f6glichen. Yoga ist kein Wettbewerb, vielmehr lernen wir damit unseren eigenen K\u00f6rper und seine Besonderheiten (besser) kennen. Bewusstes Atmen und das Sp\u00fcren nach Innen helfen uns dabei.<\/p>\n<p>Unsere Stunde endet mit einer Schlussentspannung und dem Nachsp\u00fcren.<\/p>\n<p>Mein Wunsch ist, jeden Menschen mit Freude und neuer Kraft aus der Stunde zu verabschieden.<\/p>\n<\/div>\n<\/article>\n<\/main><\/div>\n<\/div>\n<\/div>\t\t\t\t\t\t\t\t<\/div>\n\t\t\t\t<\/div>\n\t\t\t\t<\/div>\n\t\t\t\t\t<\/div>\n\t\t\t\t<\/div>\n\t\t\t\t<\/div>\n\t\t","protected":false},"excerpt":{"rendered":"<p>Claudia Wojtenek Vijana-Yogalehrerin \u00dcber mich Jahrgang 1971 verheiratet, 2 S\u00f6hne Ausbildung Verschiedene Ausbildungen und Berufe, u. a. Architektin Yogapraxis seit 2002 Yogaausbildung bei Eva Obernd\u00f6fer, Eve Krenz und Ute Kaiser zur Vijnana-Yogalehrerin Yogaunterricht F\u00fcr mich ist Yoga ein Konzept, um K\u00f6rper, Geist und Seele in eine harmonische Schwingung zu bringen. Nach meiner MS-Diagnose vor rund 20 Jahren habe ich damit begonnen, Yoga zu praktizieren. Seitdem ist Yoga mein st\u00e4ndiger Begleiter und Helfer im Umgang mit der Krankheit \u2013 k\u00f6rperlich und mental. Irgendwann entstand der Wunsch, meiner Praxis mehr Raum zu geben und meine positiven Erfahrungen weiterzugeben. Ich lade jeden Menschen ein, sich seinen Freiraum an einem Ort der Ruhe zu schaffen, um die vielf\u00e4ltigen Anstrengungen und Herausforderungen des Alltags leichter zu meistern. Wir beginnen die Stunde mit stillem Sitzen, damit K\u00f6rper und Geist zur Ruhe kommen k\u00f6nnen. Pranayama-\u00dcbungen bereiten uns auf die k\u00f6rperlichen Haltungen vor. Im Anschluss \u00fcben wir verschiedene Asanas, sowohl statisch als auch dynamisch. Dabei kommen bei Bedarf Hilfsmittel zum Einsatz (z. B. Bl\u00f6cke, Gurt), um jedem Menschen das Ein\u00fcben manchmal auch schwieriger Haltungen zu erm\u00f6glichen. Yoga ist kein Wettbewerb, vielmehr lernen wir damit unseren eigenen K\u00f6rper und seine Besonderheiten (besser) kennen. Bewusstes Atmen und das Sp\u00fcren nach Innen helfen uns dabei. Unsere Stunde endet mit einer Schlussentspannung und dem Nachsp\u00fcren. Mein Wunsch ist, jeden Menschen mit Freude und neuer Kraft aus der Stunde zu verabschieden.<\/p>\n","protected":false},"author":1,"featured_media":0,"parent":195,"menu_order":0,"comment_status":"closed","ping_status":"closed","template":"","meta":{"site-sidebar-layout":"default","site-content-layout":"","ast-site-content-layout":"default","site-content-style":"default","site-sidebar-style":"default","ast-global-header-display":"","ast-banner-title-visibility":"","ast-main-header-display":"","ast-hfb-above-header-display":"","ast-hfb-below-header-display":"","ast-hfb-mobile-header-display":"","site-post-title":"disabled","ast-breadcrumbs-content":"","ast-featured-img":"","footer-sml-layout":"","theme-transparent-header-meta":"","adv-header-id-meta":"","stick-header-meta":"","header-above-stick-meta":"","header-main-stick-meta":"","header-below-stick-meta":"","astra-migrate-meta-layouts":"default","ast-page-background-enabled":"default","ast-page-background-meta":{"desktop":{"background-color":"var(--ast-global-color-5)","background-image":"","background-repeat":"repeat","background-position":"center center","background-size":"auto","background-attachment":"scroll","background-type":"","background-media":"","overlay-type":"","overlay-color":"","overlay-opacity":"","overlay-gradient":""},"tablet":{"background-color":"","background-image":"","background-repeat":"repeat","background-position":"center center","background-size":"auto","background-attachment":"scroll","background-type":"","background-media":"","overlay-type":"","overlay-color":"","overlay-opacity":"","overlay-gradient":""},"mobile":{"background-color":"","background-image":"","background-repeat":"repeat","background-position":"center center","background-size":"auto","background-attachment":"scroll","background-type":"","background-media":"","overlay-type":"","overlay-color":"","overlay-opacity":"","overlay-gradient":""}},"ast-content-background-meta":{"desktop":{"background-color":"var(--ast-global-color-4)","background-image":"","background-repeat":"repeat","background-position":"center center","background-size":"auto","background-attachment":"scroll","background-type":"","background-media":"","overlay-type":"","overlay-color":"","overlay-opacity":"","overlay-gradient":""},"tablet":{"background-color":"var(--ast-global-color-4)","background-image":"","background-repeat":"repeat","background-position":"center center","background-size":"auto","background-attachment":"scroll","background-type":"","background-media":"","overlay-type":"","overlay-color":"","overlay-opacity":"","overlay-gradient":""},"mobile":{"background-color":"var(--ast-global-color-4)","background-image":"","background-repeat":"repeat","background-position":"center center","background-size":"auto","background-attachment":"scroll","background-type":"","background-media":"","overlay-type":"","overlay-color":"","overlay-opacity":"","overlay-gradient":""}},"footnotes":""},"class_list":["post-1015","page","type-page","status-publish","hentry"],"_links":{"self":[{"href":"http:\/\/xn--yogazentrum-nrnberg-ibc.de\/index.php?rest_route=\/wp\/v2\/pages\/1015","targetHints":{"allow":["GET"]}}],"collection":[{"href":"http:\/\/xn--yogazentrum-nrnberg-ibc.de\/index.php?rest_route=\/wp\/v2\/pages"}],"about":[{"href":"http:\/\/xn--yogazentrum-nrnberg-ibc.de\/index.php?rest_route=\/wp\/v2\/types\/page"}],"author":[{"embeddable":true,"href":"http:\/\/xn--yogazentrum-nrnberg-ibc.de\/index.php?rest_route=\/wp\/v2\/users\/1"}],"replies":[{"embeddable":true,"href":"http:\/\/xn--yogazentrum-nrnberg-ibc.de\/index.php?rest_route=%2Fwp%2Fv2%2Fcomments&post=1015"}],"version-history":[{"count":6,"href":"http:\/\/xn--yogazentrum-nrnberg-ibc.de\/index.php?rest_route=\/wp\/v2\/pages\/1015\/revisions"}],"predecessor-version":[{"id":2241,"href":"http:\/\/xn--yogazentrum-nrnberg-ibc.de\/index.php?rest_route=\/wp\/v2\/pages\/1015\/revisions\/2241"}],"up":[{"embeddable":true,"href":"http:\/\/xn--yogazentrum-nrnberg-ibc.de\/index.php?rest_route=\/wp\/v2\/pages\/195"}],"wp:attachment":[{"href":"http:\/\/xn--yogazentrum-nrnberg-ibc.de\/index.php?rest_route=%2Fwp%2Fv2%2Fmedia&parent=1015"}],"curies":[{"name":"wp","href":"https:\/\/api.w.org\/{rel}","templated":true}]}}